{"version":"1.0","provider_name":"Eva Hauksd\u00f3ttir","provider_url":"https:\/\/www.norn.is\/eva","title":"Mannr\u00e9ttindasamt\u00f6k r\u00e1\u00f0ast gegn tj\u00e1ningarfrelsi - Eva Hauksd\u00f3ttir","type":"rich","width":600,"height":338,"html":"<blockquote class=\"wp-embedded-content\" data-secret=\"6tRqMtOeG9\"><a href=\"https:\/\/www.norn.is\/eva\/2020\/08\/29\/mannrettindasamtok-radast-gegn-tjaningarfrelsi\/\">Mannr\u00e9ttindasamt\u00f6k r\u00e1\u00f0ast gegn tj\u00e1ningarfrelsi<\/a><\/blockquote><iframe sandbox=\"allow-scripts\" security=\"restricted\" src=\"https:\/\/www.norn.is\/eva\/2020\/08\/29\/mannrettindasamtok-radast-gegn-tjaningarfrelsi\/embed\/#?secret=6tRqMtOeG9\" width=\"600\" height=\"338\" title=\"&#8220;Mannr\u00e9ttindasamt\u00f6k r\u00e1\u00f0ast gegn tj\u00e1ningarfrelsi&#8221; &#8212; Eva Hauksd\u00f3ttir\" data-secret=\"6tRqMtOeG9\" frameborder=\"0\" marginwidth=\"0\" marginheight=\"0\" scrolling=\"no\" class=\"wp-embedded-content\"><\/iframe><script type=\"text\/javascript\">\n\/* <![CDATA[ *\/\n\/*! This file is auto-generated *\/\n!function(d,l){\"use strict\";l.querySelector&&d.addEventListener&&\"undefined\"!=typeof URL&&(d.wp=d.wp||{},d.wp.receiveEmbedMessage||(d.wp.receiveEmbedMessage=function(e){var t=e.data;if((t||t.secret||t.message||t.value)&&!\/[^a-zA-Z0-9]\/.test(t.secret)){for(var s,r,n,a=l.querySelectorAll('iframe[data-secret=\"'+t.secret+'\"]'),o=l.querySelectorAll('blockquote[data-secret=\"'+t.secret+'\"]'),c=new RegExp(\"^https?:$\",\"i\"),i=0;i<o.length;i++)o[i].style.display=\"none\";for(i=0;i<a.length;i++)s=a[i],e.source===s.contentWindow&&(s.removeAttribute(\"style\"),\"height\"===t.message?(1e3<(r=parseInt(t.value,10))?r=1e3:~~r<200&&(r=200),s.height=r):\"link\"===t.message&&(r=new URL(s.getAttribute(\"src\")),n=new URL(t.value),c.test(n.protocol))&&n.host===r.host&&l.activeElement===s&&(d.top.location.href=t.value))}},d.addEventListener(\"message\",d.wp.receiveEmbedMessage,!1),l.addEventListener(\"DOMContentLoaded\",function(){for(var e,t,s=l.querySelectorAll(\"iframe.wp-embedded-content\"),r=0;r<s.length;r++)(t=(e=s[r]).getAttribute(\"data-secret\"))||(t=Math.random().toString(36).substring(2,12),e.src+=\"#?secret=\"+t,e.setAttribute(\"data-secret\",t)),e.contentWindow.postMessage({message:\"ready\",secret:t},\"*\")},!1)))}(window,document);\n\/\/# sourceURL=https:\/\/www.norn.is\/eva\/wp-includes\/js\/wp-embed.min.js\n\/* ]]> *\/\n<\/script>\n","thumbnail_url":"https:\/\/www.norn.is\/eva\/wp-content\/uploads\/sites\/36\/2020\/08\/1193634422.jpg","thumbnail_width":780,"thumbnail_height":439,"description":"J.K. Rowling hefur \u00e1kve\u00f0i\u00f0 a\u00f0 skila ver\u00f0launum sem mannr\u00e9ttindasamt\u00f6k kennd vi\u00f0 Robert F. Kennedy veittu henni desember 2019 fyrir g\u00f3\u00f0ger\u00f0arstarf \u00ed \u00fe\u00e1gu f\u00e1t\u00e6kra og muna\u00f0arlausra barna. \u00c1st\u00e6\u00f0an fyrir \u00feessari \u00e1kv\u00f6r\u00f0un er tilraun formanns samtakanna, Kerry Kennedy, til sko\u00f0anak\u00fagunar. Forma\u00f0urinn sendi n\u00fdlega fr\u00e1 s\u00e9r, \u00ed nafni samtakanna, yfirl\u00fdsingu \u00fear sem h\u00fan atyrti Rowling fyrir sko\u00f0anir hennar [&hellip;]"}