{"version":"1.0","provider_name":"Einar","provider_url":"https:\/\/www.norn.is\/einar","title":"A\u00f0 koma \u00ed veg fyrir meirihluta B+D - Einar","type":"rich","width":600,"height":338,"html":"<blockquote class=\"wp-embedded-content\" data-secret=\"0y5XqA7qKF\"><a href=\"https:\/\/www.norn.is\/einar\/2013\/04\/25\/ad-koma-i-veg-fyrir-meirihluta-bd\/\">A\u00f0 koma \u00ed veg fyrir meirihluta B+D<\/a><\/blockquote><iframe sandbox=\"allow-scripts\" security=\"restricted\" src=\"https:\/\/www.norn.is\/einar\/2013\/04\/25\/ad-koma-i-veg-fyrir-meirihluta-bd\/embed\/#?secret=0y5XqA7qKF\" width=\"600\" height=\"338\" title=\"&#8220;A\u00f0 koma \u00ed veg fyrir meirihluta B+D&#8221; &#8212; Einar\" data-secret=\"0y5XqA7qKF\" frameborder=\"0\" marginwidth=\"0\" marginheight=\"0\" scrolling=\"no\" class=\"wp-embedded-content\"><\/iframe><script type=\"text\/javascript\">\n\/* <![CDATA[ *\/\n\/*! This file is auto-generated *\/\n!function(d,l){\"use strict\";l.querySelector&&d.addEventListener&&\"undefined\"!=typeof URL&&(d.wp=d.wp||{},d.wp.receiveEmbedMessage||(d.wp.receiveEmbedMessage=function(e){var t=e.data;if((t||t.secret||t.message||t.value)&&!\/[^a-zA-Z0-9]\/.test(t.secret)){for(var s,r,n,a=l.querySelectorAll('iframe[data-secret=\"'+t.secret+'\"]'),o=l.querySelectorAll('blockquote[data-secret=\"'+t.secret+'\"]'),c=new RegExp(\"^https?:$\",\"i\"),i=0;i<o.length;i++)o[i].style.display=\"none\";for(i=0;i<a.length;i++)s=a[i],e.source===s.contentWindow&&(s.removeAttribute(\"style\"),\"height\"===t.message?(1e3<(r=parseInt(t.value,10))?r=1e3:~~r<200&&(r=200),s.height=r):\"link\"===t.message&&(r=new URL(s.getAttribute(\"src\")),n=new URL(t.value),c.test(n.protocol))&&n.host===r.host&&l.activeElement===s&&(d.top.location.href=t.value))}},d.addEventListener(\"message\",d.wp.receiveEmbedMessage,!1),l.addEventListener(\"DOMContentLoaded\",function(){for(var e,t,s=l.querySelectorAll(\"iframe.wp-embedded-content\"),r=0;r<s.length;r++)(t=(e=s[r]).getAttribute(\"data-secret\"))||(t=Math.random().toString(36).substring(2,12),e.src+=\"#?secret=\"+t,e.setAttribute(\"data-secret\",t)),e.contentWindow.postMessage({message:\"ready\",secret:t},\"*\")},!1)))}(window,document);\n\/\/# sourceURL=https:\/\/www.norn.is\/einar\/wp-includes\/js\/wp-embed.min.js\n\/* ]]> *\/\n<\/script>\n","description":"\u00dev\u00ed hefur veri\u00f0 haldi\u00f0 fram s\u00ed\u00f0ustu daga a\u00f0 \u00f6ruggasta lei\u00f0in til a\u00f0 koma \u00ed veg fyrir a\u00f0 Frams\u00f3kn og Sj\u00e1lfst\u00e6\u00f0isflokkur f\u00e1i meirihluta \u00e1 \u00feingi s\u00e9 a\u00f0 kj\u00f3sa Samfylkinguna e\u00f0a VG, frekar en D\u00f6gun e\u00f0a L\u00fd\u00f0r\u00e6\u00f0isvaktina (LV). \u00a0\u00deetta er rangt."}